{"version":"1.0","provider_name":"Agenki - Gesundheitsforum","provider_url":"https:\/\/www.agenki.de\/gesundheitsforum","author_name":"sahne","author_url":"https:\/\/www.agenki.de\/gesundheitsforum\/author\/sahne\/","title":"Anti-Candida-Pilzdi\u00e4t bei veganer Ern\u00e4hrung - Agenki - Gesundheitsforum","type":"rich","width":600,"height":338,"html":"<blockquote class=\"wp-embedded-content\" data-secret=\"yavFvRMajg\"><a href=\"https:\/\/www.agenki.de\/gesundheitsforum\/thema\/anti-candida-pilzdiat-bei-veganer-ernahrung\/\">Anti-Candida-Pilzdi\u00e4t bei veganer Ern\u00e4hrung<\/a><\/blockquote><iframe sandbox=\"allow-scripts\" security=\"restricted\" src=\"https:\/\/www.agenki.de\/gesundheitsforum\/thema\/anti-candida-pilzdiat-bei-veganer-ernahrung\/embed\/#?secret=yavFvRMajg\" width=\"600\" height=\"338\" title=\"&#8222;Anti-Candida-Pilzdi\u00e4t bei veganer Ern\u00e4hrung&#8220; &#8211; Agenki - Gesundheitsforum\" data-secret=\"yavFvRMajg\" frameborder=\"0\" marginwidth=\"0\" marginheight=\"0\" scrolling=\"no\" class=\"wp-embedded-content\"><\/iframe><script>\n\/*! This file is auto-generated *\/\n!function(d,l){\"use strict\";l.querySelector&&d.addEventListener&&\"undefined\"!=typeof URL&&(d.wp=d.wp||{},d.wp.receiveEmbedMessage||(d.wp.receiveEmbedMessage=function(e){var t=e.data;if((t||t.secret||t.message||t.value)&&!\/[^a-zA-Z0-9]\/.test(t.secret)){for(var s,r,n,a=l.querySelectorAll('iframe[data-secret=\"'+t.secret+'\"]'),o=l.querySelectorAll('blockquote[data-secret=\"'+t.secret+'\"]'),c=new RegExp(\"^https?:$\",\"i\"),i=0;i<o.length;i++)o[i].style.display=\"none\";for(i=0;i<a.length;i++)s=a[i],e.source===s.contentWindow&&(s.removeAttribute(\"style\"),\"height\"===t.message?(1e3<(r=parseInt(t.value,10))?r=1e3:~~r<200&&(r=200),s.height=r):\"link\"===t.message&&(r=new URL(s.getAttribute(\"src\")),n=new URL(t.value),c.test(n.protocol))&&n.host===r.host&&l.activeElement===s&&(d.top.location.href=t.value))}},d.addEventListener(\"message\",d.wp.receiveEmbedMessage,!1),l.addEventListener(\"DOMContentLoaded\",function(){for(var e,t,s=l.querySelectorAll(\"iframe.wp-embedded-content\"),r=0;r<s.length;r++)(t=(e=s[r]).getAttribute(\"data-secret\"))||(t=Math.random().toString(36).substring(2,12),e.src+=\"#?secret=\"+t,e.setAttribute(\"data-secret\",t)),e.contentWindow.postMessage({message:\"ready\",secret:t},\"*\")},!1)))}(window,document);\n<\/script>\n","description":"Sehr geehrter Herr Golenhofen, Mein Mann ist 25 Jahre alt und hatte als Kind eine l\u00e4ngere Antibiotika Behandlung. Zudem a\u00df er als Kind und Jugendlicher unmengen an S\u00fc\u00dfigkeiten. Er hatte damals auch Akne im Gesicht. Wir beide leben seit acht Jahren vegan. Seine Akne ist vollst\u00e4ndig weggegangen und sein Hautbild hat sich sehr zum positiven&hellip;"}