{"version":"1.0","provider_name":"Agenki - Gesundheitsforum","provider_url":"https:\/\/www.agenki.de\/gesundheitsforum","author_name":"miko","author_url":"https:\/\/www.agenki.de\/gesundheitsforum\/author\/miko\/","title":"feine rote \u00c4derchen - Rosacea? - Agenki - Gesundheitsforum","type":"rich","width":600,"height":338,"html":"<blockquote class=\"wp-embedded-content\" data-secret=\"cdPRWTU2zo\"><a href=\"https:\/\/www.agenki.de\/gesundheitsforum\/thema\/feine-rote-aderchen-rosacea\/\">feine rote \u00c4derchen &#8211; Rosacea?<\/a><\/blockquote><iframe sandbox=\"allow-scripts\" security=\"restricted\" src=\"https:\/\/www.agenki.de\/gesundheitsforum\/thema\/feine-rote-aderchen-rosacea\/embed\/#?secret=cdPRWTU2zo\" width=\"600\" height=\"338\" title=\"&#8222;feine rote \u00c4derchen &#8211; Rosacea?&#8220; &#8211; Agenki - Gesundheitsforum\" data-secret=\"cdPRWTU2zo\" frameborder=\"0\" marginwidth=\"0\" marginheight=\"0\" scrolling=\"no\" class=\"wp-embedded-content\"><\/iframe><script>\n\/*! This file is auto-generated *\/\n!function(d,l){\"use strict\";l.querySelector&&d.addEventListener&&\"undefined\"!=typeof URL&&(d.wp=d.wp||{},d.wp.receiveEmbedMessage||(d.wp.receiveEmbedMessage=function(e){var t=e.data;if((t||t.secret||t.message||t.value)&&!\/[^a-zA-Z0-9]\/.test(t.secret)){for(var s,r,n,a=l.querySelectorAll('iframe[data-secret=\"'+t.secret+'\"]'),o=l.querySelectorAll('blockquote[data-secret=\"'+t.secret+'\"]'),c=new RegExp(\"^https?:$\",\"i\"),i=0;i<o.length;i++)o[i].style.display=\"none\";for(i=0;i<a.length;i++)s=a[i],e.source===s.contentWindow&&(s.removeAttribute(\"style\"),\"height\"===t.message?(1e3<(r=parseInt(t.value,10))?r=1e3:~~r<200&&(r=200),s.height=r):\"link\"===t.message&&(r=new URL(s.getAttribute(\"src\")),n=new URL(t.value),c.test(n.protocol))&&n.host===r.host&&l.activeElement===s&&(d.top.location.href=t.value))}},d.addEventListener(\"message\",d.wp.receiveEmbedMessage,!1),l.addEventListener(\"DOMContentLoaded\",function(){for(var e,t,s=l.querySelectorAll(\"iframe.wp-embedded-content\"),r=0;r<s.length;r++)(t=(e=s[r]).getAttribute(\"data-secret\"))||(t=Math.random().toString(36).substring(2,12),e.src+=\"#?secret=\"+t,e.setAttribute(\"data-secret\",t)),e.contentWindow.postMessage({message:\"ready\",secret:t},\"*\")},!1)))}(window,document);\n<\/script>\n","description":"Hallo zusammen, meine dreij\u00e4hrige Tochter hat feine rote \u00c4derchen an den Wangen und seit l\u00e4ngeren auch rauhen Stellen an R\u00fccken und Bauch sowie sichtbare Adern am ganzen K\u00f6rper. Wisst Ihr vielleicht, was das sein k\u00f6nnte? Als Baby hatte sie Milchschorf und ziemlich rauhe trockene rote Wangen. Im Forum lese ich viel von Demodex (Haarbalgmilben). K\u00f6nnte&hellip;"}