{"version":"1.0","provider_name":"Agenki - Gesundheitsforum","provider_url":"https:\/\/www.agenki.de\/gesundheitsforum","author_name":"olli282","author_url":"https:\/\/www.agenki.de\/gesundheitsforum\/author\/olli282\/","title":"F\u00fchrt Spastik zu \u00dcbers\u00e4uerung? - Agenki - Gesundheitsforum","type":"rich","width":600,"height":338,"html":"<blockquote class=\"wp-embedded-content\" data-secret=\"T3DsXKYK8p\"><a href=\"https:\/\/www.agenki.de\/gesundheitsforum\/thema\/fuhrt-spastik-zu-ubersauerung\/\">F\u00fchrt Spastik zu \u00dcbers\u00e4uerung?<\/a><\/blockquote><iframe sandbox=\"allow-scripts\" security=\"restricted\" src=\"https:\/\/www.agenki.de\/gesundheitsforum\/thema\/fuhrt-spastik-zu-ubersauerung\/embed\/#?secret=T3DsXKYK8p\" width=\"600\" height=\"338\" title=\"&#8222;F\u00fchrt Spastik zu \u00dcbers\u00e4uerung?&#8220; &#8211; Agenki - Gesundheitsforum\" data-secret=\"T3DsXKYK8p\" frameborder=\"0\" marginwidth=\"0\" marginheight=\"0\" scrolling=\"no\" class=\"wp-embedded-content\"><\/iframe><script>\n\/*! This file is auto-generated *\/\n!function(d,l){\"use strict\";l.querySelector&&d.addEventListener&&\"undefined\"!=typeof URL&&(d.wp=d.wp||{},d.wp.receiveEmbedMessage||(d.wp.receiveEmbedMessage=function(e){var t=e.data;if((t||t.secret||t.message||t.value)&&!\/[^a-zA-Z0-9]\/.test(t.secret)){for(var s,r,n,a=l.querySelectorAll('iframe[data-secret=\"'+t.secret+'\"]'),o=l.querySelectorAll('blockquote[data-secret=\"'+t.secret+'\"]'),c=new RegExp(\"^https?:$\",\"i\"),i=0;i<o.length;i++)o[i].style.display=\"none\";for(i=0;i<a.length;i++)s=a[i],e.source===s.contentWindow&&(s.removeAttribute(\"style\"),\"height\"===t.message?(1e3<(r=parseInt(t.value,10))?r=1e3:~~r<200&&(r=200),s.height=r):\"link\"===t.message&&(r=new URL(s.getAttribute(\"src\")),n=new URL(t.value),c.test(n.protocol))&&n.host===r.host&&l.activeElement===s&&(d.top.location.href=t.value))}},d.addEventListener(\"message\",d.wp.receiveEmbedMessage,!1),l.addEventListener(\"DOMContentLoaded\",function(){for(var e,t,s=l.querySelectorAll(\"iframe.wp-embedded-content\"),r=0;r<s.length;r++)(t=(e=s[r]).getAttribute(\"data-secret\"))||(t=Math.random().toString(36).substring(2,12),e.src+=\"#?secret=\"+t,e.setAttribute(\"data-secret\",t)),e.contentWindow.postMessage({message:\"ready\",secret:t},\"*\")},!1)))}(window,document);\n<\/script>\n","description":"Hallo Herr Golenhofen, mein Bruder, 37 Jahre, ist seit seiner Geburt Spatiker (rechter Arm, Beine, Sprache, gekr\u00fcmmte K\u00f6rperhaltung). Konnte er in fr\u00fcheren Jahren noch gut laufen und war agil, so hat sich sein Zustand sukzessiv verschlechtert. Seit kurzer Zeit kann er nicht mehr laufen weil er dabei Schmerzen in seinem linken Fu\u00df versp\u00fcrt, wom\u00f6glich Kr\u00e4mpfe.&hellip;"}