{"version":"1.0","provider_name":"Agenki - Gesundheitsforum","provider_url":"https:\/\/www.agenki.de\/gesundheitsforum","author_name":"junior","author_url":"https:\/\/www.agenki.de\/gesundheitsforum\/author\/junior\/","title":"Kolloidale Mineralien und Zahnverf\u00e4rbung - Agenki - Gesundheitsforum","type":"rich","width":600,"height":338,"html":"<blockquote class=\"wp-embedded-content\" data-secret=\"fbRPah2XAB\"><a href=\"https:\/\/www.agenki.de\/gesundheitsforum\/thema\/kolloidale-mineralien-und-zahnverfarbung\/\">Kolloidale Mineralien und Zahnverf\u00e4rbung<\/a><\/blockquote><iframe sandbox=\"allow-scripts\" security=\"restricted\" src=\"https:\/\/www.agenki.de\/gesundheitsforum\/thema\/kolloidale-mineralien-und-zahnverfarbung\/embed\/#?secret=fbRPah2XAB\" width=\"600\" height=\"338\" title=\"&#8222;Kolloidale Mineralien und Zahnverf\u00e4rbung&#8220; &#8211; Agenki - Gesundheitsforum\" data-secret=\"fbRPah2XAB\" frameborder=\"0\" marginwidth=\"0\" marginheight=\"0\" scrolling=\"no\" class=\"wp-embedded-content\"><\/iframe><script>\n\/*! This file is auto-generated *\/\n!function(d,l){\"use strict\";l.querySelector&&d.addEventListener&&\"undefined\"!=typeof URL&&(d.wp=d.wp||{},d.wp.receiveEmbedMessage||(d.wp.receiveEmbedMessage=function(e){var t=e.data;if((t||t.secret||t.message||t.value)&&!\/[^a-zA-Z0-9]\/.test(t.secret)){for(var s,r,n,a=l.querySelectorAll('iframe[data-secret=\"'+t.secret+'\"]'),o=l.querySelectorAll('blockquote[data-secret=\"'+t.secret+'\"]'),c=new RegExp(\"^https?:$\",\"i\"),i=0;i<o.length;i++)o[i].style.display=\"none\";for(i=0;i<a.length;i++)s=a[i],e.source===s.contentWindow&&(s.removeAttribute(\"style\"),\"height\"===t.message?(1e3<(r=parseInt(t.value,10))?r=1e3:~~r<200&&(r=200),s.height=r):\"link\"===t.message&&(r=new URL(s.getAttribute(\"src\")),n=new URL(t.value),c.test(n.protocol))&&n.host===r.host&&l.activeElement===s&&(d.top.location.href=t.value))}},d.addEventListener(\"message\",d.wp.receiveEmbedMessage,!1),l.addEventListener(\"DOMContentLoaded\",function(){for(var e,t,s=l.querySelectorAll(\"iframe.wp-embedded-content\"),r=0;r<s.length;r++)(t=(e=s[r]).getAttribute(\"data-secret\"))||(t=Math.random().toString(36).substring(2,12),e.src+=\"#?secret=\"+t,e.setAttribute(\"data-secret\",t)),e.contentWindow.postMessage({message:\"ready\",secret:t},\"*\")},!1)))}(window,document);\n<\/script>\n","description":"Hallo an alle, habe folgendes Problem. Ich nehme seit etwa 4-5Wochen o.g. Mineralien und aktuell in der Dosierung 3x100ml t\u00e4glich. Leider mu\u00df ich feststellen, dass sich seitdem meine Zahnoberfl\u00e4chen dunkel verf\u00e4rben. Richtig schlimm wird es nun bei o.g. Dosierung. Dies betrifft sowohl meine nat\u00fcrlichen Z\u00e4hne als auch meine k\u00fcnstlichen Zahnkronen die aus Keramik sind. Ich&hellip;"}