{"version":"1.0","provider_name":"Agenki - Gesundheitsforum","provider_url":"https:\/\/www.agenki.de\/gesundheitsforum","author_name":"japanther","author_url":"https:\/\/www.agenki.de\/gesundheitsforum\/author\/japanther\/","title":"Lebensmittelunvertr\u00e4glichkeit - Agenki - Gesundheitsforum","type":"rich","width":600,"height":338,"html":"<blockquote class=\"wp-embedded-content\" data-secret=\"kwVINtY6iW\"><a href=\"https:\/\/www.agenki.de\/gesundheitsforum\/thema\/lebensmittelunvertraglichkeit\/\">Lebensmittelunvertr\u00e4glichkeit<\/a><\/blockquote><iframe sandbox=\"allow-scripts\" security=\"restricted\" src=\"https:\/\/www.agenki.de\/gesundheitsforum\/thema\/lebensmittelunvertraglichkeit\/embed\/#?secret=kwVINtY6iW\" width=\"600\" height=\"338\" title=\"&#8222;Lebensmittelunvertr\u00e4glichkeit&#8220; &#8211; Agenki - Gesundheitsforum\" data-secret=\"kwVINtY6iW\" frameborder=\"0\" marginwidth=\"0\" marginheight=\"0\" scrolling=\"no\" class=\"wp-embedded-content\"><\/iframe><script>\n\/*! This file is auto-generated *\/\n!function(d,l){\"use strict\";l.querySelector&&d.addEventListener&&\"undefined\"!=typeof URL&&(d.wp=d.wp||{},d.wp.receiveEmbedMessage||(d.wp.receiveEmbedMessage=function(e){var t=e.data;if((t||t.secret||t.message||t.value)&&!\/[^a-zA-Z0-9]\/.test(t.secret)){for(var s,r,n,a=l.querySelectorAll('iframe[data-secret=\"'+t.secret+'\"]'),o=l.querySelectorAll('blockquote[data-secret=\"'+t.secret+'\"]'),c=new RegExp(\"^https?:$\",\"i\"),i=0;i<o.length;i++)o[i].style.display=\"none\";for(i=0;i<a.length;i++)s=a[i],e.source===s.contentWindow&&(s.removeAttribute(\"style\"),\"height\"===t.message?(1e3<(r=parseInt(t.value,10))?r=1e3:~~r<200&&(r=200),s.height=r):\"link\"===t.message&&(r=new URL(s.getAttribute(\"src\")),n=new URL(t.value),c.test(n.protocol))&&n.host===r.host&&l.activeElement===s&&(d.top.location.href=t.value))}},d.addEventListener(\"message\",d.wp.receiveEmbedMessage,!1),l.addEventListener(\"DOMContentLoaded\",function(){for(var e,t,s=l.querySelectorAll(\"iframe.wp-embedded-content\"),r=0;r<s.length;r++)(t=(e=s[r]).getAttribute(\"data-secret\"))||(t=Math.random().toString(36).substring(2,12),e.src+=\"#?secret=\"+t,e.setAttribute(\"data-secret\",t)),e.contentWindow.postMessage({message:\"ready\",secret:t},\"*\")},!1)))}(window,document);\n<\/script>\n","description":"Hallo, Ich m\u00f6chte mein problem schildern. Vor knapp 2 jahren habe ich das Medikament &#8221; Propecia&#8221; zu mir genommen. In Folge darauf bekam ich eine Art Schock und f\u00fchlte mich extrem miserabel. auch nach absetzten des Medikamentes verbesserte sich meine Lage nicht. Die Symptome \u00e4u\u00dferten sich in einer Art &#8221; Nebel&#8221; im Kopf. Ich sah&hellip;"}