{"version":"1.0","provider_name":"Agenki - Gesundheitsforum","provider_url":"https:\/\/www.agenki.de\/gesundheitsforum","author_name":"ndy","author_url":"https:\/\/www.agenki.de\/gesundheitsforum\/author\/ndy\/","title":"Nagelrillen wovon? - Agenki - Gesundheitsforum","type":"rich","width":600,"height":338,"html":"<blockquote class=\"wp-embedded-content\" data-secret=\"92G08RgTWv\"><a href=\"https:\/\/www.agenki.de\/gesundheitsforum\/thema\/nagelrillen-wovon\/\">Nagelrillen wovon?<\/a><\/blockquote><iframe sandbox=\"allow-scripts\" security=\"restricted\" src=\"https:\/\/www.agenki.de\/gesundheitsforum\/thema\/nagelrillen-wovon\/embed\/#?secret=92G08RgTWv\" width=\"600\" height=\"338\" title=\"&#8222;Nagelrillen wovon?&#8220; &#8211; Agenki - Gesundheitsforum\" data-secret=\"92G08RgTWv\" frameborder=\"0\" marginwidth=\"0\" marginheight=\"0\" scrolling=\"no\" class=\"wp-embedded-content\"><\/iframe><script>\n\/*! This file is auto-generated *\/\n!function(d,l){\"use strict\";l.querySelector&&d.addEventListener&&\"undefined\"!=typeof URL&&(d.wp=d.wp||{},d.wp.receiveEmbedMessage||(d.wp.receiveEmbedMessage=function(e){var t=e.data;if((t||t.secret||t.message||t.value)&&!\/[^a-zA-Z0-9]\/.test(t.secret)){for(var s,r,n,a=l.querySelectorAll('iframe[data-secret=\"'+t.secret+'\"]'),o=l.querySelectorAll('blockquote[data-secret=\"'+t.secret+'\"]'),c=new RegExp(\"^https?:$\",\"i\"),i=0;i<o.length;i++)o[i].style.display=\"none\";for(i=0;i<a.length;i++)s=a[i],e.source===s.contentWindow&&(s.removeAttribute(\"style\"),\"height\"===t.message?(1e3<(r=parseInt(t.value,10))?r=1e3:~~r<200&&(r=200),s.height=r):\"link\"===t.message&&(r=new URL(s.getAttribute(\"src\")),n=new URL(t.value),c.test(n.protocol))&&n.host===r.host&&l.activeElement===s&&(d.top.location.href=t.value))}},d.addEventListener(\"message\",d.wp.receiveEmbedMessage,!1),l.addEventListener(\"DOMContentLoaded\",function(){for(var e,t,s=l.querySelectorAll(\"iframe.wp-embedded-content\"),r=0;r<s.length;r++)(t=(e=s[r]).getAttribute(\"data-secret\"))||(t=Math.random().toString(36).substring(2,12),e.src+=\"#?secret=\"+t,e.setAttribute(\"data-secret\",t)),e.contentWindow.postMessage({message:\"ready\",secret:t},\"*\")},!1)))}(window,document);\n<\/script>\n","description":"Hallo! \ud83d\ude42 Ich frage mich gerade, ob die L\u00e4ngsrillen in den Fingern\u00e4gel etwas mit Mineralmangel o.\u00e4. zu tun haben. Das ist bei mir der Fall seit einigen Jahren und vorher hatte ich es nie. K\u00f6nnte mir gut vorstellen, da\u00df es \u00e4hnlich wie bei den Haaren mit irgendeinem Mangel zu tun hat. LG"}