{"version":"1.0","provider_name":"Agenki - Gesundheitsforum","provider_url":"https:\/\/www.agenki.de\/gesundheitsforum","author_name":"kolibri","author_url":"https:\/\/www.agenki.de\/gesundheitsforum\/author\/kolibri\/","title":"Probiotika bei Antibiotikaeinnahme - Agenki - Gesundheitsforum","type":"rich","width":600,"height":338,"html":"<blockquote class=\"wp-embedded-content\" data-secret=\"nGFxxk5jfE\"><a href=\"https:\/\/www.agenki.de\/gesundheitsforum\/thema\/probiotika-bei-antibiotikaeinnahme\/\">Probiotika bei Antibiotikaeinnahme<\/a><\/blockquote><iframe sandbox=\"allow-scripts\" security=\"restricted\" src=\"https:\/\/www.agenki.de\/gesundheitsforum\/thema\/probiotika-bei-antibiotikaeinnahme\/embed\/#?secret=nGFxxk5jfE\" width=\"600\" height=\"338\" title=\"&#8222;Probiotika bei Antibiotikaeinnahme&#8220; &#8211; Agenki - Gesundheitsforum\" data-secret=\"nGFxxk5jfE\" frameborder=\"0\" marginwidth=\"0\" marginheight=\"0\" scrolling=\"no\" class=\"wp-embedded-content\"><\/iframe><script>\n\/*! This file is auto-generated *\/\n!function(d,l){\"use strict\";l.querySelector&&d.addEventListener&&\"undefined\"!=typeof URL&&(d.wp=d.wp||{},d.wp.receiveEmbedMessage||(d.wp.receiveEmbedMessage=function(e){var t=e.data;if((t||t.secret||t.message||t.value)&&!\/[^a-zA-Z0-9]\/.test(t.secret)){for(var s,r,n,a=l.querySelectorAll('iframe[data-secret=\"'+t.secret+'\"]'),o=l.querySelectorAll('blockquote[data-secret=\"'+t.secret+'\"]'),c=new RegExp(\"^https?:$\",\"i\"),i=0;i<o.length;i++)o[i].style.display=\"none\";for(i=0;i<a.length;i++)s=a[i],e.source===s.contentWindow&&(s.removeAttribute(\"style\"),\"height\"===t.message?(1e3<(r=parseInt(t.value,10))?r=1e3:~~r<200&&(r=200),s.height=r):\"link\"===t.message&&(r=new URL(s.getAttribute(\"src\")),n=new URL(t.value),c.test(n.protocol))&&n.host===r.host&&l.activeElement===s&&(d.top.location.href=t.value))}},d.addEventListener(\"message\",d.wp.receiveEmbedMessage,!1),l.addEventListener(\"DOMContentLoaded\",function(){for(var e,t,s=l.querySelectorAll(\"iframe.wp-embedded-content\"),r=0;r<s.length;r++)(t=(e=s[r]).getAttribute(\"data-secret\"))||(t=Math.random().toString(36).substring(2,12),e.src+=\"#?secret=\"+t,e.setAttribute(\"data-secret\",t)),e.contentWindow.postMessage({message:\"ready\",secret:t},\"*\")},!1)))}(window,document);\n\/\/# sourceURL=https:\/\/www.agenki.de\/gesundheitsforum\/wp-includes\/js\/wp-embed.min.js\n<\/script>\n","description":"Liebe Frau Schmitz, ich habe eine Wanderr\u00f6te und der Arzt hat mir Antibiotika verschrieben. Eine befreundete Heilpraktikerin hat mir dringend empfohlen gleichzeitig Probiotika einzunehmen, um den Darm zu sch\u00fctzen. Was ist der Unterschied zwischen Proflor Darm und den Probiotischen Mikroorganismen? Und welches Pr\u00e4parat w\u00e4re f\u00fcr mich geeignet? Empfehlen Sie auch unbedingt die Einnahme von Antibiotka&hellip;"}